{"id":111,"date":"2014-03-08T16:42:01","date_gmt":"2014-03-08T15:42:01","guid":{"rendered":"http:\/\/sama-sama.fr\/test\/?page_id=111"},"modified":"2014-04-26T23:22:22","modified_gmt":"2014-04-26T22:22:22","slug":"installations-artistiques","status":"publish","type":"page","link":"http:\/\/sama-sama.fr\/test\/installations-artistiques\/","title":{"rendered":"Installations artistiques"},"content":{"rendered":"<p><span style=\"text-decoration: underline;\">Philosophie de cr\u00e9ation<\/span><\/p>\n<p>Depuis l\u2019\u00e9t\u00e9 2013, nous savions que le bois fossilis\u00e9 serait l\u2019\u00e9l\u00e9ment essentiel de nos installations artistiques.<br \/>\nIl nous a fallu quelques mois\u00a0 pour d\u00e9finir comment mettre en \u0153uvre ce projet. Avec le temps, l\u2019\u00e9vidence s\u2019est impos\u00e9e \u00e0 nous : la r\u00e9ussite de ce projet implique une immersion artistique de quelques semaines en Indon\u00e9sie. Cette d\u00e9cision s\u2019est r\u00e9v\u00e9l\u00e9e cruciale pour deux raisons.<\/p>\n<p>Premi\u00e8rement, la proximit\u00e9 de la source mati\u00e8re est un atout indispensable. Nous avons pass\u00e9 des journ\u00e9es enti\u00e8res \u00e0 s\u00e9lectionner le bois fossilis\u00e9 id\u00e9al pour nos compositions. Il faut en effet une r\u00e9elle connexion avec la mati\u00e8re pour apprendre \u00e0 lire les fractures, les inclusions et les couleurs. C\u2019est \u00e0 partir de ce moment que le bois r\u00e9v\u00e8le la continuit\u00e9, la liaison des lignes qui se sont perdues dans le temps.<\/p>\n<p><span style=\"text-decoration: underline;\">Conception<\/span><\/p>\n<p>La r\u00e9alisation artistique devient alors une \u00e9vidence: nettoyage, d\u00e9coupe, fracture, polissage et vernissage du bois fossilis\u00e9 ainsi que l\u2019\u00e9laboration du fond color\u00e9 associ\u00e9 \u00e0 un encadrement sp\u00e9cifique \u00e0 chaque th\u00e8me.<\/p>\n<p>Deuxi\u00e8mement, la pr\u00e9sence de sources in\u00e9puisables de mat\u00e9riaux, v\u00e9g\u00e9taux et d\u2019artisans ayant la comp\u00e9tence de les travailler nous procure un environnement propice \u00e0 la r\u00e9alisation. Les encadrements utilis\u00e9s illustrent cette apport artistique de proximit\u00e9.<\/p>\n<p>25 millions d\u2019ann\u00e9es d\u00e9rivent naturellement sur l\u2019aube de l\u2019humanit\u00e9. C\u2019est la raison pour laquelle des \u00e9l\u00e9ments tribaux apparaissent dans nos compositions \u00ab\u00a0ethniques\u00a0\u00bb m\u00eame s\u2019il est \u00e9vident qu\u2019ils ne sont pas contemporains du bois p\u00e9trifi\u00e9.<\/p>\n<p>Cr\u00e9er en utilisant le bois fossilis\u00e9 comme composant principal d\u2019installations artistiques<\/p>\n<p>Cette id\u00e9e est innovante car elle n\u2019existe pas actuellement sur le march\u00e9 de l\u2019art. Certains artisans indon\u00e9siens commercialisent des plaques de bois fossilis\u00e9. En fait, ces plaques sont des chutes provenant de l\u2019usinage de grosses pi\u00e8ces: troncs, vasques ou tables. Elles ont l\u2019aspect, les nuances et l\u2019empreinte du bois. N\u00e9anmoins, il s\u2019agit d\u2019un min\u00e9ral fossilis\u00e9.<br \/>\nLe concept \u00ab\u00a0Sama-Sama \/ l\u2019\u00e9cho d\u2019ailleurs\u00a0\u00bb r\u00e9v\u00e8le les caract\u00e9ristiques artistiques intrins\u00e8ques de ce mat\u00e9riau d\u2019exception en lui associant des mati\u00e8res naturelles Indon\u00e9siennes. Dans les installations artistiques, le bois, les v\u00e9g\u00e9taux, les min\u00e9raux\u00a0 pr\u00e9servent l\u2019identit\u00e9 du bois fossilis\u00e9 jusque dans les encadrements sp\u00e9cifiquement con\u00e7us pour ces compositions.<br \/>\nCes installations se d\u00e9clinent en quatre lignes de produit.<\/p>\n<p><span style=\"text-decoration: underline;\">Coin artiste<\/span><\/p>\n<p>V\u00e9ronique Villatte<\/p>\n<p style=\"text-align: center;\">\n<p>\u00abDemeurer dans cette r\u00e9gion\u00a0 du monde, L&rsquo;Indon\u00e9sie, contribue \u00e0 me mettre dans un \u00e9tat d\u2019esprit de cr\u00e9ativit\u00e9. Il y a de la s\u00e9r\u00e9nit\u00e9, de l\u2019harmonie et je r\u00e9apprends \u00e0 \u201cprendre mon temps\u201d.<\/p>\n<p>Expositions<br \/>\n1988-1990; Expositions de sculpture avec \u00ab\u00a0Creasculpt\u00a0\u00bb en Ile de France<br \/>\n2009-2014; Membre de l\u2019association des Artistes Bryards. Expositions \u00e9v\u00e8nementielles; festival de l\u2019eau, de l\u2019art rue, de l\u2019art hors mur.<br \/>\n2010; Exposition de peinture au Salon des artistes Bryards<br \/>\n2011; Exposition de peinture \u00ab\u00a0Grand bleu\u00a0\u00bb \u00e0 la MJC Louis Lepage<\/p>\n<p>Philippe Rey<\/p>\n<p style=\"text-align: center;\">\n<p>\u00ab\u00a0Le bois fossilis\u00e9 a captur\u00e9 des images vieilles de millions d\u2019ann\u00e9es. Si vous prenez le temps de le comprendre, de distinguer et de lire dans ce mat\u00e9riau d\u2019exception, il vous restitue ces images d\u2019un autre temps: la terre, le feu, l\u2019air, l\u2019eau, les quatre \u00e9l\u00e9ments essentiels \u00e0 la naissance de la vie.\u00a0\u00bb<\/p>\n<p>&nbsp;<\/p>\n<p><span style=\"text-decoration: underline;\">Les lignes de produits<\/span><\/p>\n<table style=\"width: 500px;\" border=\"0\" cellspacing=\"1\" cellpadding=\"1\">\n<tbody>\n<tr>\n<td class=\"couleur-cellule\">Ethnique<br \/>\nCompositions associant les graphismes du bois fossilis\u00e9 a des \u00e9vocations tribales<\/td>\n<td class=\"couleur-cellule\">\n<p><div id=\"attachment_34\" style=\"width: 160px\" class=\"wp-caption alignnone\"><a href=\"http:\/\/sama-sama.fr\/test\/wp-content\/uploads\/2014\/03\/Picture5.jpg\"><img aria-describedby=\"caption-attachment-34\" loading=\"lazy\" class=\"size-thumbnail wp-image-34\" src=\"http:\/\/sama-sama.fr\/test\/wp-content\/uploads\/2014\/03\/Picture5-150x150.jpg\" alt=\"Ethnique Tribal - La grotte aux chauves-souris\" width=\"150\" height=\"150\" \/><\/a><p id=\"caption-attachment-34\" class=\"wp-caption-text\">Ethnique Tribal &#8211; La grotte aux chauves-souris<\/p><\/div><\/td>\n<\/tr>\n<tr>\n<td class=\"couleur-cellule\">Entre ciel et terre<br \/>\nPaysages r\u00e9v\u00e9l\u00e9s par les couleurs, les nervures, les nuances et les empreintes du bois<\/td>\n<td class=\"couleur-cellule\">\n<p><div id=\"attachment_27\" style=\"width: 160px\" class=\"wp-caption alignnone\"><a href=\"http:\/\/sama-sama.fr\/test\/wp-content\/uploads\/2014\/03\/Picture12.jpg\"><img aria-describedby=\"caption-attachment-27\" loading=\"lazy\" class=\"size-thumbnail wp-image-27\" src=\"http:\/\/sama-sama.fr\/test\/wp-content\/uploads\/2014\/03\/Picture12-150x150.jpg\" alt=\"Entre ciel et terre - Montagnes argent\u00e9es\" width=\"150\" height=\"150\" \/><\/a><p id=\"caption-attachment-27\" class=\"wp-caption-text\">Entre ciel et terre &#8211; Montagnes argent\u00e9es<\/p><\/div><\/td>\n<\/tr>\n<tr>\n<td class=\"couleur-cellule\">Bois, pierre et verre<br \/>\nAssociation de bois fossilis\u00e9, roche volcanique et verre couleur de Jade\u00a0 illumin\u00e9\u00a0 par un faisceau led<\/td>\n<td class=\"couleur-cellule\">\n<p><div id=\"attachment_122\" style=\"width: 160px\" class=\"wp-caption alignnone\"><a href=\"http:\/\/sama-sama.fr\/test\/wp-content\/uploads\/2014\/03\/tetemanquante-e1394297011786.jpg\"><img aria-describedby=\"caption-attachment-122\" loading=\"lazy\" class=\"size-thumbnail wp-image-122\" src=\"http:\/\/sama-sama.fr\/test\/wp-content\/uploads\/2014\/03\/tetemanquante-e1394297011786-150x150.jpg\" alt=\"tetemanquante\" width=\"150\" height=\"150\" \/><\/a><p id=\"caption-attachment-122\" class=\"wp-caption-text\">L\u00e9gende<\/p><\/div><\/td>\n<\/tr>\n<tr>\n<td class=\"couleur-cellule\">Sc\u00e8nes payages<br \/>\nBois fossilis\u00e9 dans des sc\u00e9nographies et installations<\/td>\n<td class=\"couleur-cellule\">\u00a0<a href=\"http:\/\/sama-sama.fr\/test\/wp-content\/uploads\/2014\/03\/Picture34.jpg\"><img loading=\"lazy\" class=\"alignnone size-thumbnail wp-image-39\" src=\"http:\/\/sama-sama.fr\/test\/wp-content\/uploads\/2014\/03\/Picture34-150x150.jpg\" alt=\"Picture34\" width=\"150\" height=\"150\" \/><\/a><\/td>\n<\/tr>\n<\/tbody>\n<\/table>\n<p>&nbsp;<\/p>\n","protected":false},"excerpt":{"rendered":"<p>Philosophie de cr\u00e9ation Depuis l\u2019\u00e9t\u00e9 2013, nous savions que le bois fossilis\u00e9 serait l\u2019\u00e9l\u00e9ment essentiel de nos installations artistiques. Il nous a fallu quelques mois\u00a0 pour d\u00e9finir comment mettre en \u0153uvre ce projet. Avec le temps, l\u2019\u00e9vidence s\u2019est impos\u00e9e \u00e0 nous : la r\u00e9ussite de ce projet implique une immersion \u2026 <a class=\"continue-reading-link\" href=\"http:\/\/sama-sama.fr\/test\/installations-artistiques\/\"> Continue reading <span class=\"meta-nav\">&rarr; <\/span><\/a><\/p>\n","protected":false},"author":1,"featured_media":0,"parent":0,"menu_order":0,"comment_status":"closed","ping_status":"closed","template":"","meta":[],"_links":{"self":[{"href":"http:\/\/sama-sama.fr\/test\/wp-json\/wp\/v2\/pages\/111"}],"collection":[{"href":"http:\/\/sama-sama.fr\/test\/wp-json\/wp\/v2\/pages"}],"about":[{"href":"http:\/\/sama-sama.fr\/test\/wp-json\/wp\/v2\/types\/page"}],"author":[{"embeddable":true,"href":"http:\/\/sama-sama.fr\/test\/wp-json\/wp\/v2\/users\/1"}],"replies":[{"embeddable":true,"href":"http:\/\/sama-sama.fr\/test\/wp-json\/wp\/v2\/comments?post=111"}],"version-history":[{"count":42,"href":"http:\/\/sama-sama.fr\/test\/wp-json\/wp\/v2\/pages\/111\/revisions"}],"predecessor-version":[{"id":820,"href":"http:\/\/sama-sama.fr\/test\/wp-json\/wp\/v2\/pages\/111\/revisions\/820"}],"wp:attachment":[{"href":"http:\/\/sama-sama.fr\/test\/wp-json\/wp\/v2\/media?parent=111"}],"curies":[{"name":"wp","href":"https:\/\/api.w.org\/{rel}","templated":true}]}}